{"id":1964,"date":"2024-01-04T12:25:57","date_gmt":"2024-01-04T11:25:57","guid":{"rendered":"https:\/\/domkikamieniec.pl\/attraktionen\/"},"modified":"2024-08-15T10:03:02","modified_gmt":"2024-08-15T08:03:02","slug":"attraktionen","status":"publish","type":"page","link":"https:\/\/domkikamieniec.pl\/de\/attraktionen\/","title":{"rendered":"Attraktionen"},"content":{"rendered":"<p>[et_pb_section fb_built=&#8220;1&#8243; _builder_version=&#8220;4.23.4&#8243; _module_preset=&#8220;default&#8220; background_image=&#8220;https:\/\/domkikamieniec.pl\/wp-content\/uploads\/2024\/01\/domki_kamieniec_header_05.jpg&#8220; parallax=&#8220;on&#8220; custom_padding=&#8220;8vw||8vw||true|false&#8220; animation_style=&#8220;zoom&#8220; animation_intensity_zoom=&#8220;1%&#8220; global_colors_info=&#8220;{}&#8220;][et_pb_row _builder_version=&#8220;4.23.4&#8243; _module_preset=&#8220;default&#8220; global_colors_info=&#8220;{}&#8220;][et_pb_column type=&#8220;4_4&#8243; _builder_version=&#8220;4.16&#8243; _module_preset=&#8220;default&#8220; global_colors_info=&#8220;{}&#8220;][et_pb_text _builder_version=&#8220;4.23.4&#8243; _module_preset=&#8220;_initial&#8220; text_font=&#8220;||||||||&#8220; text_line_height=&#8220;1.2em&#8220; header_font=&#8220;|||on|||||&#8220; header_text_align=&#8220;center&#8220; header_font_size=&#8220;46px&#8220; header_letter_spacing=&#8220;5px&#8220; header_5_font_size=&#8220;24px&#8220; text_orientation=&#8220;center&#8220; background_layout=&#8220;dark&#8220; animation_style=&#8220;slide&#8220; animation_delay=&#8220;500ms&#8220; animation_intensity_slide=&#8220;10%&#8220; animation_starting_opacity=&#8220;30%&#8220; text_font_size_phone=&#8220;43px&#8220; text_font_size_last_edited=&#8220;off|desktop&#8220; header_font_size_tablet=&#8220;28px&#8220; header_font_size_phone=&#8220;28px&#8220; header_font_size_last_edited=&#8220;on|phone&#8220; text_text_shadow_style=&#8220;preset1&#8243; text_text_shadow_color=&#8220;rgba(82,68,59,0.4)&#8220; global_colors_info=&#8220;{}&#8220;]<\/p>\n<h1>Attraktionen in der N\u00e4he der Ferienh\u00e4user<\/h1>\n<h1><\/h1>\n<p>[\/et_pb_text][et_pb_button button_url=&#8220;@ET-DC@eyJkeW5hbWljIjp0cnVlLCJjb250ZW50IjoicG9zdF9saW5rX3VybF9wYWdlIiwic2V0dGluZ3MiOnsicG9zdF9pZCI6IjQwIn19@&#8220; button_text=&#8220;Reservierung&#8220; button_alignment=&#8220;center&#8220; _builder_version=&#8220;4.24.3&#8243; _dynamic_attributes=&#8220;button_url&#8220; _module_preset=&#8220;default&#8220; custom_button=&#8220;on&#8220; button_text_size=&#8220;18px&#8220; button_text_color=&#8220;#FFFFFF&#8220; button_bg_color=&#8220;#bc7630&#8243; button_border_width=&#8220;0px&#8220; button_border_radius=&#8220;0px&#8220; custom_margin=&#8220;||||false|false&#8220; custom_padding=&#8220;10px|60px|10px|60px|true|true&#8220; animation_style=&#8220;slide&#8220; animation_delay=&#8220;1200ms&#8220; button_text_size_tablet=&#8220;18px&#8220; button_text_size_phone=&#8220;16px&#8220; button_text_size_last_edited=&#8220;on|phone&#8220; global_colors_info=&#8220;{}&#8220;][\/et_pb_button][\/et_pb_column][\/et_pb_row][\/et_pb_section][et_pb_section fb_built=&#8220;1&#8243; custom_padding_last_edited=&#8220;on|desktop&#8220; _builder_version=&#8220;4.24.3&#8243; _module_preset=&#8220;default&#8220; background_color=&#8220;RGBA(255,255,255,0)&#8220; background_enable_image=&#8220;off&#8220; background_size=&#8220;contain&#8220; background_position=&#8220;top_center&#8220; custom_margin_tablet=&#8220;&#8220; custom_margin_phone=&#8220;&#8220; custom_margin_last_edited=&#8220;on|tablet&#8220; custom_padding=&#8220;50px||50px||true|false&#8220; custom_padding_tablet=&#8220;10px||10px||true|false&#8220; custom_padding_phone=&#8220;10px||10px||true|false&#8220; background_color_tablet=&#8220;#FFFFFF&#8220; background_last_edited=&#8220;on|tablet&#8220; background_enable_color_tablet=&#8220;on&#8220; global_colors_info=&#8220;{}&#8220;][et_pb_row use_custom_gutter=&#8220;on&#8220; gutter_width=&#8220;2&#8243; custom_padding_last_edited=&#8220;on|tablet&#8220; _builder_version=&#8220;4.23.4&#8243; _module_preset=&#8220;default&#8220; background_enable_image=&#8220;off&#8220; custom_padding=&#8220;||||false|false&#8220; custom_padding_tablet=&#8220;|0px||0px|false|true&#8220; custom_padding_phone=&#8220;|0px||0px|false|true&#8220; animation_style=&#8220;slide&#8220; animation_direction=&#8220;bottom&#8220; animation_delay=&#8220;800ms&#8220; animation_intensity_slide=&#8220;1%&#8220; locked=&#8220;off&#8220; global_colors_info=&#8220;{}&#8220;][et_pb_column type=&#8220;4_4&#8243; _builder_version=&#8220;4.23.4&#8243; _module_preset=&#8220;default&#8220; global_colors_info=&#8220;{}&#8220;][et_pb_text module_class=&#8220;kma-dropcap&#8220; _builder_version=&#8220;4.24.0&#8243; _module_preset=&#8220;default&#8220; text_orientation=&#8220;justified&#8220; animation_style=&#8220;slide&#8220; animation_direction=&#8220;bottom&#8220; animation_delay=&#8220;500ms&#8220; animation_intensity_slide=&#8220;2%&#8220; global_colors_info=&#8220;{}&#8220;]Unsere Ferienh\u00e4user in Kamieniec verbinden die N\u00e4he zur Natur mit der M\u00f6glichkeit, die touristischen Attraktionen von Kleinpolen zu erkunden. Ein paar Dutzend Meter weiter kann man den Weg durch die Trawna Gora nehmen, auf einer Lichtung anhalten und den Blick auf die Babia Gora in der Ferne genie\u00dfen. Wenn Sie es sch\u00e4tzen, in Ruhe und Frieden zu wandern, ohne ab und zu auf Touristen zu treffen, sind Sie hier genau richtig![\/et_pb_text][\/et_pb_column][\/et_pb_row][et_pb_row column_structure=&#8220;1_2,1_2&#8243; use_custom_gutter=&#8220;on&#8220; gutter_width=&#8220;1&#8243; make_equal=&#8220;on&#8220; custom_padding_last_edited=&#8220;on|tablet&#8220; _builder_version=&#8220;4.24.0&#8243; _module_preset=&#8220;default&#8220; background_enable_image=&#8220;off&#8220; custom_padding=&#8220;||||false|false&#8220; custom_padding_tablet=&#8220;|0px||0px|false|true&#8220; custom_padding_phone=&#8220;|0px||0px|false|true&#8220; animation_direction=&#8220;bottom&#8220; global_colors_info=&#8220;{}&#8220;][et_pb_column type=&#8220;1_2&#8243; _builder_version=&#8220;4.24.0&#8243; _module_preset=&#8220;default&#8220; custom_css_main_element=&#8220;margin: auto;&#8220; global_colors_info=&#8220;{}&#8220;][et_pb_text _builder_version=&#8220;4.24.3&#8243; _module_preset=&#8220;default&#8220; text_font_size=&#8220;14px&#8220; background_color=&#8220;#FFFFFF&#8220; z_index=&#8220;2&#8243; text_orientation=&#8220;justified&#8220; width=&#8220;125%&#8220; width_tablet=&#8220;125%&#8220; width_phone=&#8220;100%&#8220; width_last_edited=&#8220;on|phone&#8220; custom_padding=&#8220;40px|40px|40px|40px|true|true&#8220; animation_style=&#8220;slide&#8220; animation_direction=&#8220;left&#8220; animation_delay=&#8220;50ms&#8220; animation_intensity_slide=&#8220;16%&#8220; box_shadow_style=&#8220;preset1&#8243; box_shadow_color=&#8220;rgba(82,68,59,0.2)&#8220; global_colors_info=&#8220;{}&#8220;]<\/p>\n<p><strong>Blauer Weg<\/strong><br \/><strong><\/strong><\/p>\n<p>Die Ferienh\u00e4user liegen am Fu\u00dfe der Berge, durch die der 22 km lange blaue Wanderweg PTTK f\u00fchrt. Er f\u00fchrt von Brze\u017anica \u00fcber Marcypor\u0119ba nach Trawna G\u00f3ra (421 m), Nied\u017awiedzia G\u00f3ra (430 m), Drabo\u017c (435 m) &#8211; Przytkowice &#8211; Zebrzydowice &#8211; Kalwaria Zebrzydowska.<br \/>Die zweite Route f\u00fchrt von Marcypor\u0119ba &#8211; dem westlichen Gipfel des Trawna G\u00f3ra (410 m) &#8211; Brodawka-Tal &#8211; Moczurka (440 m), gefolgt von dem gelben Weg, der von Kalwaria Zebrzydowska nach Wadowice (14 km) f\u00fchrt.<\/p>\n<p>[\/et_pb_text][\/et_pb_column][et_pb_column type=&#8220;1_2&#8243; _builder_version=&#8220;4.24.0&#8243; _module_preset=&#8220;default&#8220; z_index=&#8220;1&#8243; global_colors_info=&#8220;{}&#8220;][et_pb_image src=&#8220;https:\/\/domkikamieniec.pl\/wp-content\/uploads\/2024\/01\/domki_kamieniec_atrakcje_01.jpg&#8220; title_text=&#8220;domki_kamieniec_atrakcje_01&#8243; align_tablet=&#8220;center&#8220; align_phone=&#8220;center&#8220; align_last_edited=&#8220;on|tablet&#8220; _builder_version=&#8220;4.24.3&#8243; _module_preset=&#8220;default&#8220; z_index=&#8220;1&#8243; width=&#8220;100%&#8220; animation_style=&#8220;slide&#8220; animation_direction=&#8220;right&#8220; animation_delay=&#8220;50ms&#8220; animation_intensity_slide=&#8220;15%&#8220; global_colors_info=&#8220;{}&#8220;][\/et_pb_image][\/et_pb_column][\/et_pb_row][et_pb_row column_structure=&#8220;1_2,1_2&#8243; use_custom_gutter=&#8220;on&#8220; gutter_width=&#8220;1&#8243; make_equal=&#8220;on&#8220; custom_padding_last_edited=&#8220;on|tablet&#8220; _builder_version=&#8220;4.24.3&#8243; _module_preset=&#8220;default&#8220; background_enable_image=&#8220;off&#8220; custom_padding=&#8220;||||false|false&#8220; custom_padding_tablet=&#8220;0px|0px||0px|false|true&#8220; custom_padding_phone=&#8220;|0px||0px|false|true&#8220; animation_direction=&#8220;bottom&#8220; global_colors_info=&#8220;{}&#8220;][et_pb_column type=&#8220;1_2&#8243; _builder_version=&#8220;4.24.0&#8243; _module_preset=&#8220;default&#8220; z_index=&#8220;1&#8243; custom_css_main_element=&#8220;margin: auto;&#8220; global_colors_info=&#8220;{}&#8220;][et_pb_image src=&#8220;https:\/\/domkikamieniec.pl\/wp-content\/uploads\/2024\/01\/domki_kamieniec_atrakcje_03.jpg&#8220; title_text=&#8220;domki_kamieniec_atrakcje_03&#8243; align_tablet=&#8220;center&#8220; align_phone=&#8220;center&#8220; align_last_edited=&#8220;on|tablet&#8220; _builder_version=&#8220;4.24.3&#8243; _module_preset=&#8220;default&#8220; z_index=&#8220;1&#8243; width=&#8220;100%&#8220; animation_style=&#8220;slide&#8220; animation_direction=&#8220;left&#8220; animation_delay=&#8220;50ms&#8220; animation_intensity_slide=&#8220;15%&#8220; global_colors_info=&#8220;{}&#8220;][\/et_pb_image][\/et_pb_column][et_pb_column type=&#8220;1_2&#8243; _builder_version=&#8220;4.24.0&#8243; _module_preset=&#8220;default&#8220; custom_css_main_element=&#8220;margin:auto;&#8220; global_colors_info=&#8220;{}&#8220;][et_pb_text _builder_version=&#8220;4.24.3&#8243; _module_preset=&#8220;default&#8220; text_font_size=&#8220;14px&#8220; background_color=&#8220;#FFFFFF&#8220; z_index=&#8220;1&#8243; text_orientation=&#8220;justified&#8220; width=&#8220;125%&#8220; width_tablet=&#8220;125%&#8220; width_phone=&#8220;100%&#8220; width_last_edited=&#8220;on|phone&#8220; custom_margin=&#8220;|||-25%|false|false&#8220; custom_margin_tablet=&#8220;|||0%|false|false&#8220; custom_margin_phone=&#8220;|||0%|false|false&#8220; custom_margin_last_edited=&#8220;on|tablet&#8220; custom_padding=&#8220;40px|40px|40px|40px|true|true&#8220; animation_style=&#8220;slide&#8220; animation_direction=&#8220;right&#8220; animation_delay=&#8220;100ms&#8220; animation_intensity_slide=&#8220;16%&#8220; box_shadow_style=&#8220;preset1&#8243; box_shadow_color=&#8220;rgba(82,68,59,0.2)&#8220; global_colors_info=&#8220;{}&#8220;]<\/p>\n<p><strong>Route zum Leskowiec-Berg<\/strong><br \/><strong><\/strong><\/p>\n<p>Sie k\u00f6nnen auch mit dem Auto (ca. 25 km) zu einem der zahlreichen Startpunkte des Weges zum Leskowiec (922 m) und anderen nahe gelegenen Gipfeln fahren, die bei Touristen und Einheimischen beliebt sind. Der Gro\u0144 Jana Paw\u0142a II, ein Gipfel direkt \u00fcber der PTTK-Bergherberge, ist ein gro\u00dfartiger Aussichtspunkt f\u00fcr die Beskiden, die Makowski Beskiden, die Wyspowy Beskiden, das Gorce-Gebirge, die Tatra, das Wieliczka-Vorland und das Schlesische Vorland.<\/p>\n<p>[\/et_pb_text][\/et_pb_column][\/et_pb_row][et_pb_row disabled_on=&#8220;off|off|off&#8220; _builder_version=&#8220;4.24.3&#8243; _module_preset=&#8220;default&#8220; custom_margin=&#8220;50px||||false|false&#8220; custom_margin_tablet=&#8220;50px||||false|false&#8220; custom_margin_phone=&#8220;20px||||false|false&#8220; custom_margin_last_edited=&#8220;on|phone&#8220; custom_padding=&#8220;5px||5px||true|false&#8220; global_colors_info=&#8220;{}&#8220;][et_pb_column type=&#8220;4_4&#8243; _builder_version=&#8220;4.23.4&#8243; _module_preset=&#8220;default&#8220; global_colors_info=&#8220;{}&#8220;][et_pb_text _builder_version=&#8220;4.24.3&#8243; _module_preset=&#8220;_initial&#8220; header_font=&#8220;Crimson Text||||||||&#8220; header_text_align=&#8220;center&#8220; header_text_color=&#8220;#52443b&#8220; header_line_height=&#8220;1.2em&#8220; header_2_font=&#8220;Crimson Text||||||||&#8220; header_2_text_align=&#8220;center&#8220; header_2_font_size=&#8220;40px&#8220; header_2_line_height=&#8220;1.2em&#8220; header_5_font_size=&#8220;24px&#8220; text_orientation=&#8220;justified&#8220; custom_margin=&#8220;||0px||false|false&#8220; animation_style=&#8220;fade&#8220; header_font_size_tablet=&#8220;32px&#8220; header_font_size_phone=&#8220;32px&#8220; header_font_size_last_edited=&#8220;on|desktop&#8220; header_2_font_size_tablet=&#8220;32px&#8220; header_2_font_size_phone=&#8220;&#8220; header_2_font_size_last_edited=&#8220;on|phone&#8220; locked=&#8220;off&#8220; global_colors_info=&#8220;{}&#8220;]<\/p>\n<h2>Weitere atraktive Orte in der N\u00e4he<\/h2>\n<p>[\/et_pb_text][et_pb_divider color=&#8220;#bc7630&#8243; divider_weight=&#8220;5px&#8220; _builder_version=&#8220;4.23.4&#8243; _module_preset=&#8220;default&#8220; width=&#8220;15%&#8220; module_alignment=&#8220;center&#8220; custom_padding=&#8220;0px||0px||true|false&#8220; animation_style=&#8220;slide&#8220; animation_delay=&#8220;500ms&#8220; animation_intensity_slide=&#8220;10%&#8220; locked=&#8220;off&#8220; global_colors_info=&#8220;{}&#8220;][\/et_pb_divider][\/et_pb_column][\/et_pb_row][et_pb_row column_structure=&#8220;1_2,1_2&#8243; use_custom_gutter=&#8220;on&#8220; gutter_width=&#8220;1&#8243; make_equal=&#8220;on&#8220; custom_padding_last_edited=&#8220;on|tablet&#8220; _builder_version=&#8220;4.24.3&#8243; _module_preset=&#8220;default&#8220; background_enable_image=&#8220;off&#8220; custom_padding=&#8220;||||false|false&#8220; custom_padding_tablet=&#8220;|0px||0px|false|true&#8220; custom_padding_phone=&#8220;0px|0px||0px|false|true&#8220; animation_direction=&#8220;bottom&#8220; global_colors_info=&#8220;{}&#8220;][et_pb_column type=&#8220;1_2&#8243; _builder_version=&#8220;4.24.0&#8243; _module_preset=&#8220;default&#8220; custom_css_main_element=&#8220;margin: auto;&#8220; global_colors_info=&#8220;{}&#8220;][et_pb_text _builder_version=&#8220;4.24.3&#8243; _module_preset=&#8220;default&#8220; text_font_size=&#8220;14px&#8220; background_color=&#8220;#FFFFFF&#8220; z_index=&#8220;2&#8243; text_orientation=&#8220;justified&#8220; width=&#8220;125%&#8220; width_tablet=&#8220;125%&#8220; width_phone=&#8220;100%&#8220; width_last_edited=&#8220;on|phone&#8220; custom_padding=&#8220;40px|40px|40px|40px|true|true&#8220; animation_style=&#8220;slide&#8220; animation_direction=&#8220;left&#8220; animation_delay=&#8220;50ms&#8220; animation_intensity_slide=&#8220;16%&#8220; box_shadow_style=&#8220;preset1&#8243; box_shadow_color=&#8220;rgba(82,68,59,0.2)&#8220; global_colors_info=&#8220;{}&#8220;]<\/p>\n<p><strong>Energylandia<\/strong><br \/><strong><\/strong><\/p>\n<p>Polens gr\u00f6\u00dfter Familienvergn\u00fcgungspark, den wohl jeder kennt, ist nur 23 km von unseren Ferienh\u00e4usern entfernt. Ein Aufenthalt dort bietet so viele Attraktionen, dass es gut sein wird, sich danach an einem ruhigen Ort zu entspannen. Im Sommer gibt es viele mehr oder weniger extreme Achterbahnen und einen Entspannungsbereich am Wasser. Im Winter l\u00e4dt der Park zum gr\u00f6\u00dften Lichtergarten Polens, zur Eisbahn und zum Snowtubing, zu einem Jahrmarkt und zu einem Treffen mit dem Weihnachtsmann ein.<\/p>\n<p>[\/et_pb_text][\/et_pb_column][et_pb_column type=&#8220;1_2&#8243; _builder_version=&#8220;4.24.0&#8243; _module_preset=&#8220;default&#8220; z_index=&#8220;1&#8243; global_colors_info=&#8220;{}&#8220;][et_pb_image src=&#8220;https:\/\/domkikamieniec.pl\/wp-content\/uploads\/2024\/01\/domki_kamieniec_atrakcje_04.jpg&#8220; title_text=&#8220;domki_kamieniec_atrakcje_04&#8243; align_tablet=&#8220;center&#8220; align_phone=&#8220;center&#8220; align_last_edited=&#8220;on|tablet&#8220; _builder_version=&#8220;4.24.3&#8243; _module_preset=&#8220;default&#8220; z_index=&#8220;1&#8243; width=&#8220;100%&#8220; animation_style=&#8220;slide&#8220; animation_direction=&#8220;right&#8220; animation_delay=&#8220;50ms&#8220; animation_intensity_slide=&#8220;15%&#8220; global_colors_info=&#8220;{}&#8220;][\/et_pb_image][\/et_pb_column][\/et_pb_row][et_pb_row column_structure=&#8220;1_2,1_2&#8243; use_custom_gutter=&#8220;on&#8220; gutter_width=&#8220;1&#8243; make_equal=&#8220;on&#8220; custom_padding_last_edited=&#8220;on|tablet&#8220; _builder_version=&#8220;4.24.3&#8243; _module_preset=&#8220;default&#8220; background_enable_image=&#8220;off&#8220; custom_padding=&#8220;||||false|false&#8220; custom_padding_tablet=&#8220;0px|0px||0px|false|true&#8220; custom_padding_phone=&#8220;|0px||0px|false|true&#8220; animation_direction=&#8220;bottom&#8220; global_colors_info=&#8220;{}&#8220;][et_pb_column type=&#8220;1_2&#8243; _builder_version=&#8220;4.24.0&#8243; _module_preset=&#8220;default&#8220; z_index=&#8220;1&#8243; custom_css_main_element=&#8220;margin: auto;&#8220; global_colors_info=&#8220;{}&#8220;][et_pb_image src=&#8220;https:\/\/domkikamieniec.pl\/wp-content\/uploads\/2024\/01\/domki_kamieniec_atrakcje_lanckorona.jpg&#8220; title_text=&#8220;domki_kamieniec_atrakcje_lanckorona&#8220; align_tablet=&#8220;center&#8220; align_phone=&#8220;center&#8220; align_last_edited=&#8220;on|tablet&#8220; _builder_version=&#8220;4.24.3&#8243; _module_preset=&#8220;default&#8220; z_index=&#8220;1&#8243; width=&#8220;100%&#8220; animation_style=&#8220;slide&#8220; animation_direction=&#8220;left&#8220; animation_delay=&#8220;50ms&#8220; animation_intensity_slide=&#8220;15%&#8220; global_colors_info=&#8220;{}&#8220;][\/et_pb_image][\/et_pb_column][et_pb_column type=&#8220;1_2&#8243; _builder_version=&#8220;4.24.0&#8243; _module_preset=&#8220;default&#8220; custom_css_main_element=&#8220;margin:auto;&#8220; global_colors_info=&#8220;{}&#8220;][et_pb_text _builder_version=&#8220;4.24.3&#8243; _module_preset=&#8220;default&#8220; text_font_size=&#8220;14px&#8220; background_color=&#8220;#FFFFFF&#8220; z_index=&#8220;1&#8243; text_orientation=&#8220;justified&#8220; width=&#8220;125%&#8220; width_tablet=&#8220;125%&#8220; width_phone=&#8220;100%&#8220; width_last_edited=&#8220;on|phone&#8220; custom_margin=&#8220;|||-25%|false|false&#8220; custom_margin_tablet=&#8220;|||0%|false|false&#8220; custom_margin_phone=&#8220;|||0%|false|false&#8220; custom_margin_last_edited=&#8220;on|tablet&#8220; custom_padding=&#8220;40px|40px|40px|40px|true|true&#8220; animation_style=&#8220;slide&#8220; animation_direction=&#8220;right&#8220; animation_delay=&#8220;100ms&#8220; animation_intensity_slide=&#8220;16%&#8220; box_shadow_style=&#8220;preset1&#8243; box_shadow_color=&#8220;rgba(82,68,59,0.2)&#8220; global_colors_info=&#8220;{}&#8220;]<\/p>\n<p><strong>Lanckorona<\/strong><br \/><strong><\/strong><\/p>\n<p>Die auch als Stadt der Engel bekannte Stadt ist eines der reizvollsten D\u00f6rfer in der N\u00e4he der Hauptstadt Kleinpolens und deshalb bei den Einwohnern Krakaus und dar\u00fcber hinaus so beliebt. Lanckorona und Kamieniec Ferienh\u00e4user sind nur 18,5 km entfernt. Das Dorf ist ber\u00fchmt f\u00fcr seine Holzh\u00e4user, gem\u00fctlichen Caf\u00e9s und seine idyllische Atmosph\u00e4re. Man hat den Eindruck, dass die Zeit dort viel langsamer vergeht. Die Wochenenden in Lanckorona sind voll von verschiedenen kulturellen Veranstaltungen.<\/p>\n<p>[\/et_pb_text][\/et_pb_column][\/et_pb_row][et_pb_row column_structure=&#8220;1_2,1_2&#8243; use_custom_gutter=&#8220;on&#8220; gutter_width=&#8220;1&#8243; make_equal=&#8220;on&#8220; custom_padding_last_edited=&#8220;on|tablet&#8220; _builder_version=&#8220;4.24.3&#8243; _module_preset=&#8220;default&#8220; background_enable_image=&#8220;off&#8220; custom_padding=&#8220;||||false|false&#8220; custom_padding_tablet=&#8220;0px|0px||0px|false|true&#8220; custom_padding_phone=&#8220;|0px||0px|false|true&#8220; animation_direction=&#8220;bottom&#8220; global_colors_info=&#8220;{}&#8220;][et_pb_column type=&#8220;1_2&#8243; _builder_version=&#8220;4.24.0&#8243; _module_preset=&#8220;default&#8220; custom_css_main_element=&#8220;margin: auto;&#8220; global_colors_info=&#8220;{}&#8220;][et_pb_text _builder_version=&#8220;4.24.3&#8243; _module_preset=&#8220;default&#8220; text_font_size=&#8220;14px&#8220; background_color=&#8220;#FFFFFF&#8220; z_index=&#8220;2&#8243; text_orientation=&#8220;justified&#8220; width=&#8220;125%&#8220; width_tablet=&#8220;125%&#8220; width_phone=&#8220;100%&#8220; width_last_edited=&#8220;on|phone&#8220; custom_padding=&#8220;40px|40px|40px|40px|true|true&#8220; animation_style=&#8220;slide&#8220; animation_direction=&#8220;left&#8220; animation_delay=&#8220;50ms&#8220; animation_intensity_slide=&#8220;16%&#8220; box_shadow_style=&#8220;preset1&#8243; box_shadow_color=&#8220;rgba(82,68,59,0.2)&#8220; global_colors_info=&#8220;{}&#8220;]<\/p>\n<p><strong>Wadowice, O\u015bwi\u0119cim<\/strong><br \/><strong><\/strong><\/p>\n<p>Die nahe gelegenen St\u00e4dte sind durch Geschichte und Kultur miteinander verbunden. Die Papststadt l\u00e4dt Sie ein, das Museum des Familienhauses des Heiligen Johannes Paul II. zu besuchen und einen Spaziergang durch die anderen sch\u00f6nen Sakralbauten zu machen. Auschwitz ist untrennbar mit der bedeutenden Gedenkst\u00e4tte und dem Museum Auschwitz-Birkenau verbunden. In der Stadt gibt es auch einen interessanten Pfad mit Wandmalereien zu entdecken, die sich mit den Themen Kultur und Toleranz befassen.<br \/>Mehr Informationen (https:\/\/oswiecim.pl\/dla-turysty\/co-robic\/szlak-murali-w-oswiecimiu\/)<\/p>\n<p>[\/et_pb_text][\/et_pb_column][et_pb_column type=&#8220;1_2&#8243; _builder_version=&#8220;4.24.0&#8243; _module_preset=&#8220;default&#8220; z_index=&#8220;1&#8243; global_colors_info=&#8220;{}&#8220;][et_pb_image src=&#8220;https:\/\/domkikamieniec.pl\/wp-content\/uploads\/2024\/01\/domki_kamieniec_atrakcje_oswiecim.jpg&#8220; title_text=&#8220;domki_kamieniec_atrakcje_oswiecim&#8220; align_tablet=&#8220;center&#8220; align_phone=&#8220;center&#8220; align_last_edited=&#8220;on|tablet&#8220; _builder_version=&#8220;4.24.3&#8243; _module_preset=&#8220;default&#8220; z_index=&#8220;1&#8243; width=&#8220;100%&#8220; animation_style=&#8220;slide&#8220; animation_direction=&#8220;right&#8220; animation_delay=&#8220;50ms&#8220; animation_intensity_slide=&#8220;15%&#8220; global_colors_info=&#8220;{}&#8220;][\/et_pb_image][\/et_pb_column][\/et_pb_row][et_pb_row column_structure=&#8220;1_2,1_2&#8243; use_custom_gutter=&#8220;on&#8220; gutter_width=&#8220;1&#8243; make_equal=&#8220;on&#8220; custom_padding_last_edited=&#8220;on|tablet&#8220; _builder_version=&#8220;4.24.3&#8243; _module_preset=&#8220;default&#8220; background_enable_image=&#8220;off&#8220; custom_padding=&#8220;||||false|false&#8220; custom_padding_tablet=&#8220;0px|0px||0px|false|true&#8220; custom_padding_phone=&#8220;|0px||0px|false|true&#8220; animation_direction=&#8220;bottom&#8220; global_colors_info=&#8220;{}&#8220;][et_pb_column type=&#8220;1_2&#8243; _builder_version=&#8220;4.24.0&#8243; _module_preset=&#8220;default&#8220; z_index=&#8220;1&#8243; custom_css_main_element=&#8220;margin: auto;&#8220; global_colors_info=&#8220;{}&#8220;][et_pb_image src=&#8220;https:\/\/domkikamieniec.pl\/wp-content\/uploads\/2024\/01\/domki_kamieniec_atrakcje_apilandia.jpg&#8220; title_text=&#8220;domki_kamieniec_atrakcje_apilandia&#8220; align_tablet=&#8220;center&#8220; align_phone=&#8220;center&#8220; align_last_edited=&#8220;on|tablet&#8220; _builder_version=&#8220;4.24.3&#8243; _module_preset=&#8220;default&#8220; z_index=&#8220;1&#8243; width=&#8220;100%&#8220; animation_style=&#8220;slide&#8220; animation_direction=&#8220;left&#8220; animation_delay=&#8220;50ms&#8220; animation_intensity_slide=&#8220;15%&#8220; global_colors_info=&#8220;{}&#8220;][\/et_pb_image][\/et_pb_column][et_pb_column type=&#8220;1_2&#8243; _builder_version=&#8220;4.24.0&#8243; _module_preset=&#8220;default&#8220; custom_css_main_element=&#8220;margin:auto;&#8220; global_colors_info=&#8220;{}&#8220;][et_pb_text _builder_version=&#8220;4.24.3&#8243; _module_preset=&#8220;default&#8220; text_font_size=&#8220;14px&#8220; background_color=&#8220;#FFFFFF&#8220; z_index=&#8220;1&#8243; text_orientation=&#8220;justified&#8220; width=&#8220;125%&#8220; width_tablet=&#8220;125%&#8220; width_phone=&#8220;100%&#8220; width_last_edited=&#8220;on|phone&#8220; custom_margin=&#8220;|||-25%|false|false&#8220; custom_margin_tablet=&#8220;|||0%|false|false&#8220; custom_margin_phone=&#8220;|||0%|false|false&#8220; custom_margin_last_edited=&#8220;on|tablet&#8220; custom_padding=&#8220;40px|40px|40px|40px|true|true&#8220; animation_style=&#8220;slide&#8220; animation_direction=&#8220;right&#8220; animation_delay=&#8220;100ms&#8220; animation_intensity_slide=&#8220;16%&#8220; box_shadow_style=&#8220;preset1&#8243; box_shadow_color=&#8220;rgba(82,68,59,0.2)&#8220; global_colors_info=&#8220;{}&#8220;]<\/p>\n<p><strong>Interaktives Imkereimuseum Apilandia <\/strong><br \/><strong><\/strong><\/p>\n<p>Nach einem Besuch des interaktiven Imkereimuseums von Apilandia, 14 km von Ihrer Unterkunft entfernt, k\u00f6nnen Sie die Geheimnisse des Bienenlebens und den Prozess der Honigherstellung entdecken. Sie k\u00f6nnen an Workshops \u00fcber Bienenzucht und Seifenherstellung teilnehmen und Erwachsene k\u00f6nnen sich in einem Mini-Spa mit Naturkosmetik entspannen.<\/p>\n<p>[\/et_pb_text][\/et_pb_column][\/et_pb_row][et_pb_row column_structure=&#8220;1_2,1_2&#8243; use_custom_gutter=&#8220;on&#8220; gutter_width=&#8220;1&#8243; make_equal=&#8220;on&#8220; custom_padding_last_edited=&#8220;on|tablet&#8220; _builder_version=&#8220;4.24.3&#8243; _module_preset=&#8220;default&#8220; background_enable_image=&#8220;off&#8220; custom_padding=&#8220;||||false|false&#8220; custom_padding_tablet=&#8220;0px|0px||0px|false|true&#8220; custom_padding_phone=&#8220;|0px||0px|false|true&#8220; animation_direction=&#8220;bottom&#8220; global_colors_info=&#8220;{}&#8220;][et_pb_column type=&#8220;1_2&#8243; _builder_version=&#8220;4.24.0&#8243; _module_preset=&#8220;default&#8220; custom_css_main_element=&#8220;margin: auto;&#8220; global_colors_info=&#8220;{}&#8220;][et_pb_text _builder_version=&#8220;4.24.3&#8243; _module_preset=&#8220;default&#8220; text_font_size=&#8220;14px&#8220; background_color=&#8220;#FFFFFF&#8220; z_index=&#8220;2&#8243; text_orientation=&#8220;justified&#8220; width=&#8220;125%&#8220; width_tablet=&#8220;125%&#8220; width_phone=&#8220;100%&#8220; width_last_edited=&#8220;on|phone&#8220; custom_padding=&#8220;40px|40px|40px|40px|true|true&#8220; animation_style=&#8220;slide&#8220; animation_direction=&#8220;left&#8220; animation_delay=&#8220;850ms&#8220; animation_intensity_slide=&#8220;16%&#8220; box_shadow_style=&#8220;preset1&#8243; box_shadow_color=&#8220;rgba(82,68,59,0.2)&#8220; global_colors_info=&#8220;{}&#8220;]<\/p>\n<p><strong>Die Welt der Tr\u00e4ume Park Inwa\u0142d \/ Dinosaurierpark Dinolandia<\/strong><br \/><strong><\/strong><\/p>\n<p>Dieser 21 km entfernte Vergn\u00fcgungspark kombiniert den Miniaturpark, in dem Sie 65 Geb\u00e4ude aus aller Welt im Ma\u00dfstab 1:10 finden, mit der M\u00e4rchenfestung, d. h. einem magischen Ort, an dem die Helden der M\u00e4rchenlegenden Sie durch historische Orte f\u00fchren, die eine Vielzahl von Attraktionen f\u00fcr Kinder bieten. Die Anlage verf\u00fcgt auch \u00fcber einen Freizeitpark. Nebenan befindet sich Dinolandia mit mehr als 50 Dinosaurierfiguren, von denen die gr\u00f6\u00dfte 22 m lang ist.<\/p>\n<p>[\/et_pb_text][\/et_pb_column][et_pb_column type=&#8220;1_2&#8243; _builder_version=&#8220;4.24.0&#8243; _module_preset=&#8220;default&#8220; z_index=&#8220;1&#8243; global_colors_info=&#8220;{}&#8220;][et_pb_image src=&#8220;https:\/\/domkikamieniec.pl\/wp-content\/uploads\/2024\/01\/domki_kamieniec_atrakcje_park_marzen.jpg&#8220; title_text=&#8220;domki_kamieniec_atrakcje_park_marzen&#8220; align_tablet=&#8220;center&#8220; align_phone=&#8220;center&#8220; align_last_edited=&#8220;on|tablet&#8220; _builder_version=&#8220;4.24.3&#8243; _module_preset=&#8220;default&#8220; z_index=&#8220;1&#8243; width=&#8220;100%&#8220; animation_style=&#8220;slide&#8220; animation_direction=&#8220;right&#8220; animation_delay=&#8220;50ms&#8220; animation_intensity_slide=&#8220;15%&#8220; global_colors_info=&#8220;{}&#8220;][\/et_pb_image][\/et_pb_column][\/et_pb_row][et_pb_row column_structure=&#8220;1_2,1_2&#8243; use_custom_gutter=&#8220;on&#8220; gutter_width=&#8220;1&#8243; make_equal=&#8220;on&#8220; custom_padding_last_edited=&#8220;on|tablet&#8220; _builder_version=&#8220;4.24.3&#8243; _module_preset=&#8220;default&#8220; background_enable_image=&#8220;off&#8220; custom_padding=&#8220;||||false|false&#8220; custom_padding_tablet=&#8220;0px|0px||0px|false|true&#8220; custom_padding_phone=&#8220;|0px||0px|false|true&#8220; animation_direction=&#8220;bottom&#8220; global_colors_info=&#8220;{}&#8220;][et_pb_column type=&#8220;1_2&#8243; _builder_version=&#8220;4.24.0&#8243; _module_preset=&#8220;default&#8220; z_index=&#8220;1&#8243; custom_css_main_element=&#8220;margin: auto;&#8220; global_colors_info=&#8220;{}&#8220;][et_pb_image src=&#8220;https:\/\/domkikamieniec.pl\/wp-content\/uploads\/2024\/01\/domki_kamieniec_atrakcje_wieliczka.jpg&#8220; title_text=&#8220;domki_kamieniec_atrakcje_wieliczka&#8220; align_tablet=&#8220;center&#8220; align_phone=&#8220;center&#8220; align_last_edited=&#8220;on|tablet&#8220; _builder_version=&#8220;4.24.3&#8243; _module_preset=&#8220;default&#8220; z_index=&#8220;1&#8243; width=&#8220;100%&#8220; animation_style=&#8220;slide&#8220; animation_direction=&#8220;left&#8220; animation_delay=&#8220;50ms&#8220; animation_intensity_slide=&#8220;15%&#8220; global_colors_info=&#8220;{}&#8220;][\/et_pb_image][\/et_pb_column][et_pb_column type=&#8220;1_2&#8243; _builder_version=&#8220;4.24.0&#8243; _module_preset=&#8220;default&#8220; custom_css_main_element=&#8220;margin:auto;&#8220; global_colors_info=&#8220;{}&#8220;][et_pb_text _builder_version=&#8220;4.24.3&#8243; _module_preset=&#8220;default&#8220; text_font_size=&#8220;14px&#8220; background_color=&#8220;#FFFFFF&#8220; z_index=&#8220;1&#8243; text_orientation=&#8220;justified&#8220; width=&#8220;125%&#8220; width_tablet=&#8220;125%&#8220; width_phone=&#8220;100%&#8220; width_last_edited=&#8220;on|phone&#8220; custom_margin=&#8220;|||-25%|false|false&#8220; custom_margin_tablet=&#8220;|||0%|false|false&#8220; custom_margin_phone=&#8220;|||0%|false|false&#8220; custom_margin_last_edited=&#8220;on|tablet&#8220; custom_padding=&#8220;40px|40px|40px|40px|true|true&#8220; animation_style=&#8220;slide&#8220; animation_direction=&#8220;right&#8220; animation_delay=&#8220;100ms&#8220; animation_intensity_slide=&#8220;16%&#8220; box_shadow_style=&#8220;preset1&#8243; box_shadow_color=&#8220;rgba(82,68,59,0.2)&#8220; global_colors_info=&#8220;{}&#8220;]<\/p>\n<p><strong>Salzbergwerk Wieliczka<\/strong><br \/><strong><\/strong><\/p>\n<p>Ein historisches Bergwerk mit 245 km G\u00e4ngen, das zum UNESCO-Kulturerbe geh\u00f6rt und 38 km von Nas entfernt liegt. Hier k\u00f6nnen Sie die sch\u00f6nsten Kammern und Kapellen im Inneren der Erde besichtigen und eine Inhalation im Solegraduierungsturm genie\u00dfen.<\/p>\n<p>[\/et_pb_text][\/et_pb_column][\/et_pb_row][et_pb_row disabled_on=&#8220;off|off|off&#8220; _builder_version=&#8220;4.25.1&#8243; _module_preset=&#8220;default&#8220; custom_margin=&#8220;50px||||false|false&#8220; custom_margin_tablet=&#8220;20px||||false|false&#8220; custom_margin_phone=&#8220;20px||||false|false&#8220; custom_margin_last_edited=&#8220;on|tablet&#8220; custom_padding=&#8220;0px||0px||true|false&#8220; global_colors_info=&#8220;{}&#8220;][et_pb_column type=&#8220;4_4&#8243; _builder_version=&#8220;4.23.4&#8243; _module_preset=&#8220;default&#8220; global_colors_info=&#8220;{}&#8220;][et_pb_text _builder_version=&#8220;4.24.3&#8243; _module_preset=&#8220;_initial&#8220; header_font=&#8220;Crimson Text||||||||&#8220; header_text_align=&#8220;center&#8220; header_text_color=&#8220;#52443b&#8220; header_line_height=&#8220;1.2em&#8220; header_2_font=&#8220;Crimson Text||||||||&#8220; header_2_text_align=&#8220;center&#8220; header_2_font_size=&#8220;40px&#8220; header_2_line_height=&#8220;1.2em&#8220; header_5_font_size=&#8220;24px&#8220; text_orientation=&#8220;justified&#8220; custom_margin=&#8220;||0px||false|false&#8220; animation_style=&#8220;fade&#8220; header_font_size_tablet=&#8220;32px&#8220; header_font_size_phone=&#8220;32px&#8220; header_font_size_last_edited=&#8220;on|desktop&#8220; header_2_font_size_tablet=&#8220;32px&#8220; header_2_font_size_phone=&#8220;&#8220; header_2_font_size_last_edited=&#8220;on|desktop&#8220; locked=&#8220;off&#8220; global_colors_info=&#8220;{}&#8220;]<\/p>\n<h2>Lokale Attraktionen<\/h2>\n<p>[\/et_pb_text][et_pb_divider color=&#8220;#bc7630&#8243; divider_weight=&#8220;5px&#8220; _builder_version=&#8220;4.24.3&#8243; _module_preset=&#8220;default&#8220; width=&#8220;15%&#8220; module_alignment=&#8220;center&#8220; custom_margin_tablet=&#8220;&#8220; custom_margin_phone=&#8220;||0px||false|false&#8220; custom_margin_last_edited=&#8220;on|phone&#8220; custom_padding=&#8220;0px||0px||true|false&#8220; animation_style=&#8220;slide&#8220; animation_delay=&#8220;500ms&#8220; animation_intensity_slide=&#8220;10%&#8220; locked=&#8220;off&#8220; global_colors_info=&#8220;{}&#8220;][\/et_pb_divider][et_pb_text _builder_version=&#8220;4.25.1&#8243; _module_preset=&#8220;default&#8220; text_orientation=&#8220;justified&#8220; animation_style=&#8220;slide&#8220; animation_direction=&#8220;bottom&#8220; animation_delay=&#8220;500ms&#8220; animation_intensity_slide=&#8220;2%&#8220; hover_enabled=&#8220;0&#8243; global_colors_info=&#8220;{}&#8220; link_option_url_new_window=&#8220;on&#8220; sticky_enabled=&#8220;0&#8243;]<\/p>\n<ul>\n<li><a href=\"https:\/\/www.winnicamarcyporeba.pl\/\"><strong>Weingut Marcypor\u0119ba<\/strong><\/a><\/li>\n<li><a href=\"https:\/\/www.slonecznalawenda.pl\/\"><strong>Sonniger Lavendel in Lgocie<\/strong><\/a><\/li>\n<li><a href=\"https:\/\/www.winnicazacisze.com\/\"><strong>Weingut T\u0142ucza\u0144<\/strong><\/a><\/li>\n<li><a href=\"http:\/\/www.rcsosnowice.pl\/\"><strong>Riding Center Sosnowice &#8211; Reitzentrum<\/strong><\/a><\/li>\n<\/ul>\n<p>[\/et_pb_text][\/et_pb_column][\/et_pb_row][et_pb_row custom_padding_last_edited=&#8220;on|phone&#8220; disabled_on=&#8220;off|off|off&#8220; _builder_version=&#8220;4.24.3&#8243; _module_preset=&#8220;default&#8220; custom_margin=&#8220;50px||||false|false&#8220; custom_margin_tablet=&#8220;20px||||false|false&#8220; custom_margin_phone=&#8220;30px||||false|false&#8220; custom_margin_last_edited=&#8220;on|tablet&#8220; custom_padding_tablet=&#8220;&#8220; custom_padding_phone=&#8220;0px||0px||true|false&#8220; global_colors_info=&#8220;{}&#8220;][et_pb_column type=&#8220;4_4&#8243; _builder_version=&#8220;4.23.4&#8243; _module_preset=&#8220;default&#8220; global_colors_info=&#8220;{}&#8220;][et_pb_text _builder_version=&#8220;4.24.3&#8243; _module_preset=&#8220;_initial&#8220; header_font=&#8220;Crimson Text||||||||&#8220; header_text_align=&#8220;center&#8220; header_text_color=&#8220;#52443b&#8220; header_line_height=&#8220;1.2em&#8220; header_2_font=&#8220;Crimson Text||||||||&#8220; header_2_text_align=&#8220;center&#8220; header_2_font_size=&#8220;40px&#8220; header_2_line_height=&#8220;1.2em&#8220; header_5_font_size=&#8220;24px&#8220; text_orientation=&#8220;justified&#8220; custom_margin=&#8220;||0px||false|false&#8220; animation_style=&#8220;fade&#8220; header_font_size_tablet=&#8220;32px&#8220; header_font_size_phone=&#8220;32px&#8220; header_font_size_last_edited=&#8220;on|desktop&#8220; header_2_font_size_tablet=&#8220;32px&#8220; header_2_font_size_phone=&#8220;&#8220; header_2_font_size_last_edited=&#8220;on|desktop&#8220; locked=&#8220;off&#8220; global_colors_info=&#8220;{}&#8220;]<\/p>\n<h2>Gastronomische Angebote in der Umgebung<\/h2>\n<p>[\/et_pb_text][et_pb_divider color=&#8220;#bc7630&#8243; divider_weight=&#8220;5px&#8220; _builder_version=&#8220;4.24.3&#8243; _module_preset=&#8220;default&#8220; width=&#8220;15%&#8220; module_alignment=&#8220;center&#8220; custom_margin_tablet=&#8220;&#8220; custom_margin_phone=&#8220;||0px||false|false&#8220; custom_margin_last_edited=&#8220;on|phone&#8220; custom_padding=&#8220;0px||0px||true|false&#8220; animation_style=&#8220;slide&#8220; animation_delay=&#8220;500ms&#8220; animation_intensity_slide=&#8220;10%&#8220; locked=&#8220;off&#8220; global_colors_info=&#8220;{}&#8220;][\/et_pb_divider][et_pb_text _builder_version=&#8220;4.24.0&#8243; _module_preset=&#8220;default&#8220; text_orientation=&#8220;justified&#8220; animation_style=&#8220;slide&#8220; animation_direction=&#8220;bottom&#8220; animation_delay=&#8220;500ms&#8220; animation_intensity_slide=&#8220;2%&#8220; global_colors_info=&#8220;{}&#8220;]<\/p>\n<ul>\n<li><strong>Zach\u0119ta Brze\u017anica<\/strong> \u2013 traditionelle Mittagessen (3,4 km)<\/li>\n<li><strong>Stacja smak\u00f3w Brze\u017anica<\/strong> \u2013 traditionelle Mittagessen, Feinkostprodukte (3,7 km)<\/li>\n<li><strong>DaPietro<\/strong> Brze\u017anica, Wadowice &#8211; Pizza, gegrillte Gerichte, Lieferung (3,6 km)<\/li>\n<li><strong>Zajazd Piwowar<\/strong> \u2013 Hausgemachte Mittagessen (5,1 km)<\/li>\n<li><strong>Konditorei Iza<\/strong> \u2013 Caf\u00e9, Desserts (5,4 km)<\/li>\n<li><strong>Restaurant Primavera<\/strong> Ja\u015bkowice (5,8 km)<\/li>\n<li><strong>Restaurant Resto<\/strong> P\u00f3\u0142wie\u015b (6,8 km)<\/li>\n<li><strong>Hotel Badura, Restaurant Oliwna<\/strong> (16,0 km)<\/li>\n<li><strong>Restaurant Ostoja Garden<\/strong> (16,5 km)<\/li>\n<li><strong>Arka Cafe Lanckorona<\/strong> \u2013 Fr\u00fchst\u00fcck, Abendessen, Kaffee, Desserts (18,5 km)<\/li>\n<li><strong>Dw\u00f3r Lanckorona<\/strong> \u2013 caf\u00e9, Sonntags (18.5 km)<\/li>\n<li><strong>Willa Tadeusz<\/strong> Lanckorona (18,5 km)<\/li>\n<\/ul>\n<p>[\/et_pb_text][\/et_pb_column][\/et_pb_row][et_pb_row disabled_on=&#8220;off|off|off&#8220; _builder_version=&#8220;4.24.3&#8243; _module_preset=&#8220;default&#8220; custom_margin=&#8220;50px||||false|false&#8220; custom_margin_tablet=&#8220;20px||||false|false&#8220; custom_margin_phone=&#8220;20px||||false|false&#8220; custom_margin_last_edited=&#8220;on|tablet&#8220; custom_padding=&#8220;0px||0px||true|false&#8220; global_colors_info=&#8220;{}&#8220;][et_pb_column type=&#8220;4_4&#8243; _builder_version=&#8220;4.23.4&#8243; _module_preset=&#8220;default&#8220; global_colors_info=&#8220;{}&#8220;][et_pb_text _builder_version=&#8220;4.24.3&#8243; _module_preset=&#8220;_initial&#8220; header_font=&#8220;Crimson Text||||||||&#8220; header_text_align=&#8220;center&#8220; header_text_color=&#8220;#52443b&#8220; header_line_height=&#8220;1.2em&#8220; header_2_font=&#8220;Crimson Text||||||||&#8220; header_2_text_align=&#8220;center&#8220; header_2_font_size=&#8220;40px&#8220; header_2_line_height=&#8220;1.2em&#8220; header_5_font_size=&#8220;24px&#8220; text_orientation=&#8220;justified&#8220; custom_margin=&#8220;||0px||false|false&#8220; animation_style=&#8220;fade&#8220; header_font_size_tablet=&#8220;32px&#8220; header_font_size_phone=&#8220;32px&#8220; header_font_size_last_edited=&#8220;on|desktop&#8220; header_2_font_size_tablet=&#8220;32px&#8220; header_2_font_size_phone=&#8220;&#8220; header_2_font_size_last_edited=&#8220;on|desktop&#8220; locked=&#8220;off&#8220; global_colors_info=&#8220;{}&#8220;]<\/p>\n<h2>Einkaufen<\/h2>\n<p>[\/et_pb_text][et_pb_divider color=&#8220;#bc7630&#8243; divider_weight=&#8220;5px&#8220; _builder_version=&#8220;4.24.3&#8243; _module_preset=&#8220;default&#8220; width=&#8220;15%&#8220; module_alignment=&#8220;center&#8220; custom_margin_tablet=&#8220;&#8220; custom_margin_phone=&#8220;||0px||false|false&#8220; custom_margin_last_edited=&#8220;on|phone&#8220; custom_padding=&#8220;0px||0px||true|false&#8220; animation_style=&#8220;slide&#8220; animation_delay=&#8220;500ms&#8220; animation_intensity_slide=&#8220;10%&#8220; locked=&#8220;off&#8220; global_colors_info=&#8220;{}&#8220;][\/et_pb_divider][et_pb_text _builder_version=&#8220;4.24.0&#8243; _module_preset=&#8220;default&#8220; text_orientation=&#8220;justified&#8220; animation_style=&#8220;slide&#8220; animation_direction=&#8220;bottom&#8220; animation_delay=&#8220;500ms&#8220; animation_intensity_slide=&#8220;2%&#8220; global_colors_info=&#8220;{}&#8220;]<\/p>\n<ul>\n<li><strong>Bauernhof Dudek &#8211; Apfel, Birne oder Petersilie<\/strong> &#8211; Obst, Gem\u00fcse, Eier, Konfit\u00fcre, Honig, S\u00e4fte (3,1 km)<\/li>\n<li><strong>B\u00e4ckerei Maja<\/strong> (3,6 km)<\/li>\n<li>zahlreiche L\u00e4den&#8230;<\/li>\n<\/ul>\n<p>[\/et_pb_text][\/et_pb_column][\/et_pb_row][et_pb_row custom_padding_last_edited=&#8220;on|tablet&#8220; _builder_version=&#8220;4.24.3&#8243; _module_preset=&#8220;default&#8220; custom_padding=&#8220;10px||0px||false|false&#8220; custom_padding_tablet=&#8220;10px||10px||false|false&#8220; custom_padding_phone=&#8220;10px||10px||false|false&#8220; global_colors_info=&#8220;{}&#8220;][et_pb_column type=&#8220;4_4&#8243; _builder_version=&#8220;4.23.4&#8243; _module_preset=&#8220;default&#8220; global_colors_info=&#8220;{}&#8220;][et_pb_button button_url=&#8220;@ET-DC@eyJkeW5hbWljIjp0cnVlLCJjb250ZW50IjoicG9zdF9saW5rX3VybF9wYWdlIiwic2V0dGluZ3MiOnsicG9zdF9pZCI6IjMzIn19@&#8220; button_text=&#8220;Mehr Informationen \u00fcber die Ferienh\u00e4user&#8220; button_alignment=&#8220;center&#8220; _builder_version=&#8220;4.24.1&#8243; _dynamic_attributes=&#8220;button_url&#8220; _module_preset=&#8220;_initial&#8220; custom_button=&#8220;on&#8220; button_text_size=&#8220;18px&#8220; button_text_color=&#8220;#FFFFFF&#8220; button_bg_color=&#8220;#52443b&#8220; button_border_width=&#8220;0px&#8220; button_border_radius=&#8220;0px&#8220; background_layout=&#8220;dark&#8220; custom_margin=&#8220;||||false|false&#8220; custom_margin_tablet=&#8220;|||0%|false|false&#8220; custom_margin_phone=&#8220;|||0%|false|false&#8220; custom_margin_last_edited=&#8220;on|tablet&#8220; custom_padding=&#8220;10px|60px|10px|60px|true|true&#8220; animation_style=&#8220;slide&#8220; animation_delay=&#8220;1200ms&#8220; button_text_size_tablet=&#8220;18px&#8220; button_text_size_phone=&#8220;16px&#8220; button_text_size_last_edited=&#8220;on|phone&#8220; locked=&#8220;off&#8220; global_colors_info=&#8220;{}&#8220;][\/et_pb_button][\/et_pb_column][\/et_pb_row][\/et_pb_section]<\/p>\n","protected":false},"excerpt":{"rendered":"<p>Attraktionen in der N\u00e4he der Ferienh\u00e4user Unsere Ferienh\u00e4user in Kamieniec verbinden die N\u00e4he zur Natur mit der M\u00f6glichkeit, die touristischen Attraktionen von Kleinpolen zu erkunden. Ein paar Dutzend Meter weiter kann man den Weg durch die Trawna Gora nehmen, auf einer Lichtung anhalten und den Blick auf die Babia Gora in der Ferne genie\u00dfen. Wenn [&hellip;]<\/p>\n","protected":false},"author":1,"featured_media":0,"parent":0,"menu_order":0,"comment_status":"closed","ping_status":"closed","template":"","meta":{"_et_pb_use_builder":"on","_et_pb_old_content":"","_et_gb_content_width":"","footnotes":""},"class_list":["post-1964","page","type-page","status-publish","hentry"],"yoast_head":"<!-- This site is optimized with the Yoast SEO Premium plugin v25.8 (Yoast SEO v25.8) - https:\/\/yoast.com\/wordpress\/plugins\/seo\/ -->\n<title>Attraktionen - Ca\u0142oroczne Domki Kamieniec - Wynajem Marcypor\u0119ba Krak\u00f3w<\/title>\n<meta name=\"description\" content=\"Attraktionen wynajem domk\u00f3w z jacuzzi i z saun\u0105 Marcypor\u0119ba, domek wynajem Kamieniec k. Krakowa, ma\u0142opolskie, rodzinny wypoczynek domki Dolny \u015al\u0105sk, domki z saun\u0105 z placem zabaw Marcypor\u0119ba\" \/>\n<meta name=\"robots\" content=\"index, follow, max-snippet:-1, max-image-preview:large, max-video-preview:-1\" \/>\n<link rel=\"canonical\" href=\"https:\/\/domkikamieniec.pl\/de\/attraktionen\/\" \/>\n<meta property=\"og:locale\" content=\"de_DE\" \/>\n<meta property=\"og:type\" content=\"article\" \/>\n<meta property=\"og:title\" content=\"Attraktionen\" \/>\n<meta property=\"og:description\" content=\"Wynajem domk\u00f3w z jacuzzi i z saun\u0105, domek wynajem Kamieniec Marcypor\u0119ba k. Krakowa, ma\u0142opolskie, rodzinny wypoczynek domki Dolny \u015al\u0105sk, domki z saun\u0105 z placem zabaw Marcypor\u0119ba\" \/>\n<meta property=\"og:url\" content=\"https:\/\/domkikamieniec.pl\/de\/attraktionen\/\" \/>\n<meta property=\"og:site_name\" content=\"Ca\u0142oroczne Domki Kamieniec - Wynajem Marcypor\u0119ba Krak\u00f3w\" \/>\n<meta property=\"article:publisher\" content=\"https:\/\/www.facebook.com\/profile.php?id=61556416964708\" \/>\n<meta property=\"article:modified_time\" content=\"2024-08-15T08:03:02+00:00\" \/>\n<meta property=\"og:image\" content=\"https:\/\/domkikamieniec.pl\/wp-content\/uploads\/2024\/01\/domki-kamieniec-caloroczne-domki-galeria-60.jpg\" \/>\n\t<meta property=\"og:image:width\" content=\"1400\" \/>\n\t<meta property=\"og:image:height\" content=\"1050\" \/>\n\t<meta property=\"og:image:type\" content=\"image\/jpeg\" \/>\n<meta name=\"twitter:card\" content=\"summary_large_image\" \/>\n<meta name=\"twitter:label1\" content=\"Gesch\u00e4tzte Lesezeit\" \/>\n\t<meta name=\"twitter:data1\" content=\"21\u00a0Minuten\" \/>\n<script type=\"application\/ld+json\" class=\"yoast-schema-graph\">{\"@context\":\"https:\/\/schema.org\",\"@graph\":[{\"@type\":\"WebPage\",\"@id\":\"https:\/\/domkikamieniec.pl\/de\/attraktionen\/\",\"url\":\"https:\/\/domkikamieniec.pl\/de\/attraktionen\/\",\"name\":\"Attraktionen - Ca\u0142oroczne Domki Kamieniec - Wynajem Marcypor\u0119ba Krak\u00f3w\",\"isPartOf\":{\"@id\":\"https:\/\/domkikamieniec.pl\/de\/#website\"},\"datePublished\":\"2024-01-04T11:25:57+00:00\",\"dateModified\":\"2024-08-15T08:03:02+00:00\",\"description\":\"Attraktionen wynajem domk\u00f3w z jacuzzi i z saun\u0105 Marcypor\u0119ba, domek wynajem Kamieniec k. Krakowa, ma\u0142opolskie, rodzinny wypoczynek domki Dolny \u015al\u0105sk, domki z saun\u0105 z placem zabaw Marcypor\u0119ba\",\"breadcrumb\":{\"@id\":\"https:\/\/domkikamieniec.pl\/de\/attraktionen\/#breadcrumb\"},\"inLanguage\":\"de\",\"potentialAction\":[{\"@type\":\"ReadAction\",\"target\":[\"https:\/\/domkikamieniec.pl\/de\/attraktionen\/\"]}]},{\"@type\":\"BreadcrumbList\",\"@id\":\"https:\/\/domkikamieniec.pl\/de\/attraktionen\/#breadcrumb\",\"itemListElement\":[{\"@type\":\"ListItem\",\"position\":1,\"name\":\"Strona g\u0142\u00f3wna\",\"item\":\"https:\/\/domkikamieniec.pl\/de\/\"},{\"@type\":\"ListItem\",\"position\":2,\"name\":\"Attraktionen\"}]},{\"@type\":\"WebSite\",\"@id\":\"https:\/\/domkikamieniec.pl\/de\/#website\",\"url\":\"https:\/\/domkikamieniec.pl\/de\/\",\"name\":\"Domki Kamieniec - Luksus w sercu natury Marcypor\u0119ba blisko Krakowa\",\"description\":\"Wynajem ca\u0142orocznych Domk\u00f3w - Luksus w sercu natury\",\"publisher\":{\"@id\":\"https:\/\/domkikamieniec.pl\/de\/#organization\"},\"alternateName\":\"Domki Kamieniec Marcypor\u0119ba \/ Krak\u00f3w\",\"potentialAction\":[{\"@type\":\"SearchAction\",\"target\":{\"@type\":\"EntryPoint\",\"urlTemplate\":\"https:\/\/domkikamieniec.pl\/de\/?s={search_term_string}\"},\"query-input\":{\"@type\":\"PropertyValueSpecification\",\"valueRequired\":true,\"valueName\":\"search_term_string\"}}],\"inLanguage\":\"de\"},{\"@type\":\"Organization\",\"@id\":\"https:\/\/domkikamieniec.pl\/de\/#organization\",\"name\":\"Domkikamieniec.pl\",\"alternateName\":\"Ca\u0142oroczne ~ Domki Kamieniec ~ Marcypor\u0119ba\",\"url\":\"https:\/\/domkikamieniec.pl\/de\/\",\"logo\":{\"@type\":\"ImageObject\",\"inLanguage\":\"de\",\"@id\":\"https:\/\/domkikamieniec.pl\/de\/#\/schema\/logo\/image\/\",\"url\":\"https:\/\/domkikamieniec.pl\/wp-content\/uploads\/2024\/01\/cropped-domki-kamieniec-logo-512x512-1.png\",\"contentUrl\":\"https:\/\/domkikamieniec.pl\/wp-content\/uploads\/2024\/01\/cropped-domki-kamieniec-logo-512x512-1.png\",\"width\":512,\"height\":512,\"caption\":\"Domkikamieniec.pl\"},\"image\":{\"@id\":\"https:\/\/domkikamieniec.pl\/de\/#\/schema\/logo\/image\/\"},\"sameAs\":[\"https:\/\/www.facebook.com\/profile.php?id=61556416964708\",\"https:\/\/www.instagram.com\/domkikamieniec\/\"],\"description\":\"Wynajem ca\u0142orocznych domk\u00f3w w Marcypor\u0119bie blisko Krakowa w woj. ma\u0142opolskim. Domki z pe\u0142n\u0105 infrastruktur\u0105: boisko, jaccuzi, sauna.\",\"email\":\"domki@domkikamieniec.pl\",\"telephone\":\"451258666\"}]}<\/script>\n<!-- \/ Yoast SEO Premium plugin. -->","yoast_head_json":{"title":"Attraktionen - Ca\u0142oroczne Domki Kamieniec - Wynajem Marcypor\u0119ba Krak\u00f3w","description":"Attraktionen wynajem domk\u00f3w z jacuzzi i z saun\u0105 Marcypor\u0119ba, domek wynajem Kamieniec k. Krakowa, ma\u0142opolskie, rodzinny wypoczynek domki Dolny \u015al\u0105sk, domki z saun\u0105 z placem zabaw Marcypor\u0119ba","robots":{"index":"index","follow":"follow","max-snippet":"max-snippet:-1","max-image-preview":"max-image-preview:large","max-video-preview":"max-video-preview:-1"},"canonical":"https:\/\/domkikamieniec.pl\/de\/attraktionen\/","og_locale":"de_DE","og_type":"article","og_title":"Attraktionen","og_description":"Wynajem domk\u00f3w z jacuzzi i z saun\u0105, domek wynajem Kamieniec Marcypor\u0119ba k. Krakowa, ma\u0142opolskie, rodzinny wypoczynek domki Dolny \u015al\u0105sk, domki z saun\u0105 z placem zabaw Marcypor\u0119ba","og_url":"https:\/\/domkikamieniec.pl\/de\/attraktionen\/","og_site_name":"Ca\u0142oroczne Domki Kamieniec - Wynajem Marcypor\u0119ba Krak\u00f3w","article_publisher":"https:\/\/www.facebook.com\/profile.php?id=61556416964708","article_modified_time":"2024-08-15T08:03:02+00:00","og_image":[{"width":1400,"height":1050,"url":"https:\/\/domkikamieniec.pl\/wp-content\/uploads\/2024\/01\/domki-kamieniec-caloroczne-domki-galeria-60.jpg","type":"image\/jpeg"}],"twitter_card":"summary_large_image","twitter_misc":{"Gesch\u00e4tzte Lesezeit":"21\u00a0Minuten"},"schema":{"@context":"https:\/\/schema.org","@graph":[{"@type":"WebPage","@id":"https:\/\/domkikamieniec.pl\/de\/attraktionen\/","url":"https:\/\/domkikamieniec.pl\/de\/attraktionen\/","name":"Attraktionen - Ca\u0142oroczne Domki Kamieniec - Wynajem Marcypor\u0119ba Krak\u00f3w","isPartOf":{"@id":"https:\/\/domkikamieniec.pl\/de\/#website"},"datePublished":"2024-01-04T11:25:57+00:00","dateModified":"2024-08-15T08:03:02+00:00","description":"Attraktionen wynajem domk\u00f3w z jacuzzi i z saun\u0105 Marcypor\u0119ba, domek wynajem Kamieniec k. Krakowa, ma\u0142opolskie, rodzinny wypoczynek domki Dolny \u015al\u0105sk, domki z saun\u0105 z placem zabaw Marcypor\u0119ba","breadcrumb":{"@id":"https:\/\/domkikamieniec.pl\/de\/attraktionen\/#breadcrumb"},"inLanguage":"de","potentialAction":[{"@type":"ReadAction","target":["https:\/\/domkikamieniec.pl\/de\/attraktionen\/"]}]},{"@type":"BreadcrumbList","@id":"https:\/\/domkikamieniec.pl\/de\/attraktionen\/#breadcrumb","itemListElement":[{"@type":"ListItem","position":1,"name":"Strona g\u0142\u00f3wna","item":"https:\/\/domkikamieniec.pl\/de\/"},{"@type":"ListItem","position":2,"name":"Attraktionen"}]},{"@type":"WebSite","@id":"https:\/\/domkikamieniec.pl\/de\/#website","url":"https:\/\/domkikamieniec.pl\/de\/","name":"Domki Kamieniec - Luksus w sercu natury Marcypor\u0119ba blisko Krakowa","description":"Wynajem ca\u0142orocznych Domk\u00f3w - Luksus w sercu natury","publisher":{"@id":"https:\/\/domkikamieniec.pl\/de\/#organization"},"alternateName":"Domki Kamieniec Marcypor\u0119ba \/ Krak\u00f3w","potentialAction":[{"@type":"SearchAction","target":{"@type":"EntryPoint","urlTemplate":"https:\/\/domkikamieniec.pl\/de\/?s={search_term_string}"},"query-input":{"@type":"PropertyValueSpecification","valueRequired":true,"valueName":"search_term_string"}}],"inLanguage":"de"},{"@type":"Organization","@id":"https:\/\/domkikamieniec.pl\/de\/#organization","name":"Domkikamieniec.pl","alternateName":"Ca\u0142oroczne ~ Domki Kamieniec ~ Marcypor\u0119ba","url":"https:\/\/domkikamieniec.pl\/de\/","logo":{"@type":"ImageObject","inLanguage":"de","@id":"https:\/\/domkikamieniec.pl\/de\/#\/schema\/logo\/image\/","url":"https:\/\/domkikamieniec.pl\/wp-content\/uploads\/2024\/01\/cropped-domki-kamieniec-logo-512x512-1.png","contentUrl":"https:\/\/domkikamieniec.pl\/wp-content\/uploads\/2024\/01\/cropped-domki-kamieniec-logo-512x512-1.png","width":512,"height":512,"caption":"Domkikamieniec.pl"},"image":{"@id":"https:\/\/domkikamieniec.pl\/de\/#\/schema\/logo\/image\/"},"sameAs":["https:\/\/www.facebook.com\/profile.php?id=61556416964708","https:\/\/www.instagram.com\/domkikamieniec\/"],"description":"Wynajem ca\u0142orocznych domk\u00f3w w Marcypor\u0119bie blisko Krakowa w woj. ma\u0142opolskim. Domki z pe\u0142n\u0105 infrastruktur\u0105: boisko, jaccuzi, sauna.","email":"domki@domkikamieniec.pl","telephone":"451258666"}]}},"_links":{"self":[{"href":"https:\/\/domkikamieniec.pl\/de\/wp-json\/wp\/v2\/pages\/1964","targetHints":{"allow":["GET"]}}],"collection":[{"href":"https:\/\/domkikamieniec.pl\/de\/wp-json\/wp\/v2\/pages"}],"about":[{"href":"https:\/\/domkikamieniec.pl\/de\/wp-json\/wp\/v2\/types\/page"}],"author":[{"embeddable":true,"href":"https:\/\/domkikamieniec.pl\/de\/wp-json\/wp\/v2\/users\/1"}],"replies":[{"embeddable":true,"href":"https:\/\/domkikamieniec.pl\/de\/wp-json\/wp\/v2\/comments?post=1964"}],"version-history":[{"count":3,"href":"https:\/\/domkikamieniec.pl\/de\/wp-json\/wp\/v2\/pages\/1964\/revisions"}],"predecessor-version":[{"id":3034,"href":"https:\/\/domkikamieniec.pl\/de\/wp-json\/wp\/v2\/pages\/1964\/revisions\/3034"}],"wp:attachment":[{"href":"https:\/\/domkikamieniec.pl\/de\/wp-json\/wp\/v2\/media?parent=1964"}],"curies":[{"name":"wp","href":"https:\/\/api.w.org\/{rel}","templated":true}]}}